{"id":2,"date":"2020-04-15T15:20:17","date_gmt":"2020-04-15T15:20:17","guid":{"rendered":"http:\/\/itapicurufm.com.br\/?page_id=2"},"modified":"2024-12-11T14:45:27","modified_gmt":"2024-12-11T17:45:27","slug":"aradio","status":"publish","type":"page","link":"https:\/\/itapicurufm.com.br\/index.php\/aradio\/","title":{"rendered":"A r\u00e1dio"},"content":{"rendered":"\n<p>Era o ano de 1997, quando um grupo de amigos idealizou a implanta\u00e7\u00e3o de uma R\u00e1dio Comunit\u00e1ria em Ponto Novo. Reunidos, decidimos criar uma entidade para pleitear a outorga, conforme exig\u00eancia legal. Assim fundamos a Associa\u00e7\u00e3o R\u00e1dio Comunit\u00e1ria Itapicuru.<br><br>O nome Itapicuru, j\u00e1 mostrava nosso apre\u00e7o e nossa homenagem ao nosso Rio!<br><br>Elaboramos toda a documenta\u00e7\u00e3o e encaminhamos ao Minist\u00e9rio das Comunica\u00e7\u00f5es. O passo seguinte foi a compra dos equipamentos; para isto fizemos uma coleta de doa\u00e7\u00f5es entre os associados e efetuamos a compra. Tudo feito de acordo com as exig\u00eancias governamentais e nossos princ\u00edpios morais. Imagin\u00e1vamos que esta a\u00e7\u00e3o nos permitia colocar a R\u00e1dio para funcionar e convidamos os \u201c improvisados locutores\u201d volunt\u00e1rios: Arnobio, Fernando, Solange, Marcone, Gislene, Antoniano, Sirico, Jailton, Juc\u00e9lia e Jacar\u00e9.<br>Nos bastidores total apoio da dire\u00e7\u00e3o: Arnobio, Miguel, Jailton, Zen\u00f3bio, Gel, entre tantos outros. No dia 25 de janeiro de 1998 \u201cEntramos no AR\u201d. Foi um acontecimento hist\u00f3rico que superou as mais otimistas expectativas de sucesso. A casa de Miguel, local escolhido como sede, mais parecia uma casa de abelhas, tamanho era o entra e sai. Pessoas de todas as idades para l\u00e1 se dirigiam levadas pela curiosidade e satisfa\u00e7\u00e3o. N\u00e3o paravam os pedidos musicais, oferecimentos, recados, mensagens, etc. Era uma satisfa\u00e7\u00e3o ouvir o pr\u00f3prio nome ser dito em uma emissora de r\u00e1dio. Afinal, Ponto Novo, at\u00e9 ent\u00e3o s\u00f3 contava com servi\u00e7o de alto falantes. Parentes e amigos distantes telefonavam para mandar suas mensagens, servi\u00e7os de utilidade p\u00fablica, campanhas de sa\u00fade, de solidariedade, comunicados etc.<br>Tudo transcorria muito bem, por\u00e9m, devido a den\u00fancias feitas n\u00e3o se sabe por quem, fomos obrigados a interromper nossa programa\u00e7\u00e3o. Mas, a nossa vontade de voltar a funcionar e a cobran\u00e7a popular, al\u00e9m de uma influ\u00eancia pol\u00edtica nos fez reabrir a R\u00e1dio ainda de forma ilegal pois nos deram garantias que a R\u00e1dio n\u00e3o seria mais fechada. Mas, infelizmente isto n\u00e3o aconteceu e mais uma vez a R\u00e1dio foi fechada. Por conta destes fatos, fomos processados pela Pol\u00edcia Federal e condenados ao cumprimento de penalidades de cunho social. Todos os meses, o diretor respons\u00e1vel, Arnobio Carneiro comprava uma cesta b\u00e1sica e doava a uma creche, durante dois anos.<br>Ent\u00e3o decidimos que a luta continuava, s\u00f3 que n\u00e3o voltar\u00edamos a funcionar sem autoriza\u00e7\u00e3o oficial.<br>Acompanhamos e participamos de perto todas as lutas pelo Brasil afora: participamos de eventos, manifesta\u00e7\u00f5es, congressos etc. Fizemos muitos contatos com pol\u00edticos locais entre eles os ex-prefeitos Nelson Maia e Nem Porcino, Deto Ven\u00e2ncio e tamb\u00e9m com parlamentares federais como Jacques Wagner, Walter Pinheiro, Jonival Lucas e Waldir Pires, todos nos ajudaram e a estes tamb\u00e9m agradecemos. Mas, a for\u00e7a maior veio de Deus e da popula\u00e7\u00e3o em geral que acreditou na seriedade do nosso projeto e a estes v\u00e3o nossos maiores agradecimentos.<br>N\u00e3o paramos, embora este trabalho tenha sido mais restrito aos dirigentes da Associa\u00e7\u00e3o.<br>Foi uma luta incessante, mas gra\u00e7as a Deus e a todos n\u00f3s, vitoriosa.<br><br>A R\u00e1dio Itapicuru deu oportunidade a pessoas da pr\u00f3pria comunidade, assim, talentos apareceram, com Joelson Pereira, Marcone Silva, Jacar\u00e9, Solange, Marcos Cleyton, Ailton Cerqueira, Alex Alves, Sandra Moura, Rob\u00e9rio Santos, Z\u00e9 Carlos, Sirico, Gislene, Kiko, entre outros<br>Uma R\u00e1dio Comunit\u00e1ria n\u00e3o pode ter interesse financeiro, classista, religioso ou pol\u00edtico-partid\u00e1rio; apenas objetivos comunit\u00e1rios. Assim foi e assim ser\u00e1 a nossa Itapicuru!<\/p>\n\n\n\n<p>&nbsp;A R\u00e1dio Itapicuru cresce a cada dia: Temos adquirido novos equipamentos, dado oportunidades a novos locutores, expandido a integra\u00e7\u00e3o das pessoas; realizado campanhas de solidariedade.<br>Embora o objetivo continue o mesmo de manter aberto este canal de comunica\u00e7\u00e3o democr\u00e1tico e imparcial disponibilizando a toda sociedade o seu desenvolvimento e&nbsp;principalmente incentivando o sentido de cidadania.<br><br>Por Arn\u00f3bio Carneiro<\/p>\n\n\n\n<p><\/p>\n","protected":false},"excerpt":{"rendered":"<p>Era o ano de 1997, quando um grupo de amigos idealizou a implanta\u00e7\u00e3o de uma R\u00e1dio Comunit\u00e1ria em Ponto Novo.<\/p>\n","protected":false},"author":1,"featured_media":0,"parent":0,"menu_order":0,"comment_status":"closed","ping_status":"closed","template":"","meta":{"colormag_page_container_layout":"default_layout","colormag_page_sidebar_layout":"default_layout","footnotes":""},"class_list":["post-2","page","type-page","status-publish","hentry"],"_links":{"self":[{"href":"https:\/\/itapicurufm.com.br\/index.php\/wp-json\/wp\/v2\/pages\/2","targetHints":{"allow":["GET"]}}],"collection":[{"href":"https:\/\/itapicurufm.com.br\/index.php\/wp-json\/wp\/v2\/pages"}],"about":[{"href":"https:\/\/itapicurufm.com.br\/index.php\/wp-json\/wp\/v2\/types\/page"}],"author":[{"embeddable":true,"href":"https:\/\/itapicurufm.com.br\/index.php\/wp-json\/wp\/v2\/users\/1"}],"replies":[{"embeddable":true,"href":"https:\/\/itapicurufm.com.br\/index.php\/wp-json\/wp\/v2\/comments?post=2"}],"version-history":[{"count":3,"href":"https:\/\/itapicurufm.com.br\/index.php\/wp-json\/wp\/v2\/pages\/2\/revisions"}],"predecessor-version":[{"id":226,"href":"https:\/\/itapicurufm.com.br\/index.php\/wp-json\/wp\/v2\/pages\/2\/revisions\/226"}],"wp:attachment":[{"href":"https:\/\/itapicurufm.com.br\/index.php\/wp-json\/wp\/v2\/media?parent=2"}],"curies":[{"name":"wp","href":"https:\/\/api.w.org\/{rel}","templated":true}]}}